{"id":1424,"date":"2014-05-14T08:27:46","date_gmt":"2014-05-14T07:27:46","guid":{"rendered":"http:\/\/www.coursedestaleines.ch\/a\/?page_id=1424"},"modified":"2026-07-19T15:26:13","modified_gmt":"2026-07-19T14:26:13","slug":"parcours-et-departs","status":"publish","type":"page","link":"https:\/\/www.coursedestaleines.ch\/a\/parcours-et-departs\/","title":{"rendered":"Parcours et d\u00e9parts"},"content":{"rendered":"<div><em>Les organisateurs se r\u00e9servent le droit de modifier les parcours et les heures de d\u00e9part, en fonction des conditions m\u00e9t\u00e9orologiques et du nombre de coureurs.<\/em><\/div>\n<div><\/div>\n<div>Si le tableau ne s&rsquo;affiche pas correctement, vous pouvez le visualiser <a href=\"https:\/\/www.coursedestaleines.ch\/a\/wp-content\/uploads\/2025\/09\/Categories2025.pdf\" target=\"_blank\" rel=\"noopener\">ici<\/a><\/p>\n<div><\/div>\n<h4>MATIN<\/h4>\n<table style=\"height: 333px;\" width=\"628\">\n<tbody>\n<tr>\n<td>\n<h5><strong>Cat\u00e9gories<\/strong><\/h5>\n<\/td>\n<td>\n<h5><strong>Ann\u00e9es<\/strong><\/h5>\n<\/td>\n<td>\n<h5><strong>Distances\u00a0et parcours<\/strong><\/h5>\n<\/td>\n<td>\n<h5><strong>D\u00e9part<\/strong><\/h5>\n<\/td>\n<td>\n<h5><strong>Finance<\/strong><\/h5>\n<\/td>\n<\/tr>\n<tr>\n<td>01 DAMES SENIORS<\/td>\n<td>1987 \u00e0 2012<\/td>\n<td>10&rsquo;600 m \/ <a title=\"Parcours adultes\" href=\"https:\/\/www.coursedestaleines.ch\/a\/wp-content\/uploads\/2024\/09\/PlanParcours2024_libretto-e1725195460177.png\" target=\"_blank\" rel=\"noopener noreferrer\">voir le parcours<\/a><\/td>\n<td>10h30<\/td>\n<td>20 CHF<\/td>\n<\/tr>\n<tr>\n<td>02 HOMMES SENIORS<\/td>\n<td>1987 \u00e0 2012<\/td>\n<td>10&rsquo;600 m\u00a0\/\u00a0<a title=\"Parcours adultes\" href=\"https:\/\/www.coursedestaleines.ch\/a\/wp-content\/uploads\/2024\/09\/PlanParcours2024_libretto-e1725195460177.png\" target=\"_blank\" rel=\"noopener noreferrer\">voir le parcours<\/a><\/td>\n<td>10h30<\/td>\n<td>20 CHF<\/td>\n<\/tr>\n<tr>\n<td>03 DAMES VETERANS 1<\/td>\n<td>1977 \u00e0 1986<\/td>\n<td>10&rsquo;600 m\u00a0\/\u00a0<a title=\"Parcours adultes\" href=\"https:\/\/www.coursedestaleines.ch\/a\/wp-content\/uploads\/2024\/09\/PlanParcours2024_libretto-e1725195460177.png\" target=\"_blank\" rel=\"noopener noreferrer\">voir le parcours<\/a><\/td>\n<td>10h30<\/td>\n<td>20 CHF<\/td>\n<\/tr>\n<tr>\n<td>04 HOMMES VETERANS 1<\/td>\n<td>1977 \u00e0 1986<\/td>\n<td>10&rsquo;600 m\u00a0\/\u00a0<a title=\"Parcours adultes\" href=\"https:\/\/www.coursedestaleines.ch\/a\/wp-content\/uploads\/2024\/09\/PlanParcours2024_libretto-e1725195460177.png\" target=\"_blank\" rel=\"noopener noreferrer\">voir le parcours<\/a><\/td>\n<td>10h30<\/td>\n<td>20 CHF<\/td>\n<\/tr>\n<tr>\n<td>05 DAMES VETERANS 2<\/td>\n<td>1976 et avant<\/td>\n<td>10&rsquo;600 m\u00a0\/\u00a0<a title=\"Parcours adultes\" href=\"https:\/\/www.coursedestaleines.ch\/a\/wp-content\/uploads\/2024\/09\/PlanParcours2024_libretto-e1725195460177.png\" target=\"_blank\" rel=\"noopener noreferrer\">voir le parcours<\/a><\/td>\n<td>10h30<\/td>\n<td>20 CHF<\/td>\n<\/tr>\n<tr>\n<td>06 HOMMES VETERANS 2<\/td>\n<td>1967 \u00e0 1976<\/td>\n<td>10&rsquo;600 m\u00a0\/\u00a0<a title=\"Parcours adultes\" href=\"https:\/\/www.coursedestaleines.ch\/a\/wp-content\/uploads\/2024\/09\/PlanParcours2024_libretto-e1725195460177.png\" target=\"_blank\" rel=\"noopener noreferrer\">voir le parcours<\/a><\/td>\n<td>10h30<\/td>\n<td>20 CHF<\/td>\n<\/tr>\n<tr>\n<td>08 HOMMES VETERANS 3<\/td>\n<td>1966 et avant<\/td>\n<td>10&rsquo;600 m\u00a0\/\u00a0<a title=\"Parcours adultes\" href=\"https:\/\/www.coursedestaleines.ch\/a\/wp-content\/uploads\/2024\/09\/PlanParcours2024_libretto-e1725195460177.png\" target=\"_blank\" rel=\"noopener noreferrer\">voir le parcours<\/a><\/td>\n<td>10h30<\/td>\n<td>20 CHF<\/td>\n<\/tr>\n<tr>\n<td>09 CADETTES *<\/td>\n<td>2007 \u00e0 2012<\/td>\n<td>5&rsquo;000\u00a0m\u00a0\/\u00a0<a title=\"Parcours adultes\" href=\"https:\/\/www.coursedestaleines.ch\/a\/wp-content\/uploads\/2024\/09\/PlanParcours2024_libretto-e1725195460177.png\" target=\"_blank\" rel=\"noopener noreferrer\">voir le parcours<\/a><\/td>\n<td>10h15<\/td>\n<td>10 CHF<\/td>\n<\/tr>\n<tr>\n<td>10 CADETS *<\/td>\n<td>2007 \u00e0 2012<\/td>\n<td>5&rsquo;000\u00a0m\u00a0\/\u00a0<a title=\"Parcours adultes\" href=\"https:\/\/www.coursedestaleines.ch\/a\/wp-content\/uploads\/2024\/09\/PlanParcours2024_libretto-e1725195460177.png\" target=\"_blank\" rel=\"noopener noreferrer\">voir le parcours<\/a><\/td>\n<td>10h15<\/td>\n<td>10 CHF<\/td>\n<\/tr>\n<tr>\n<td>11 WALKING ET NORDIC WALKING<\/td>\n<td>Pour tous<\/td>\n<td>10&rsquo;600 m \/ <a title=\"Parcours adultes\" href=\"https:\/\/www.coursedestaleines.ch\/a\/wp-content\/uploads\/2024\/09\/PlanParcours2024_libretto-e1725195460177.png\" target=\"_blank\" rel=\"noopener noreferrer\">voir le parcours<\/a><\/td>\n<td>10h00<\/td>\n<td>20 CHF<\/td>\n<\/tr>\n<tr>\n<td>13 COURIR POUR LE PLAISIR<\/td>\n<td>Pour tous<\/td>\n<td>5&rsquo;000 m \/ <a title=\"Parcours adultes\" href=\"https:\/\/www.coursedestaleines.ch\/a\/wp-content\/uploads\/2024\/09\/PlanParcours2024_libretto-e1725195460177.png\" target=\"_blank\" rel=\"noopener noreferrer\">voir le parcours<\/a><\/td>\n<td>10h15<\/td>\n<td>20 CHF<\/td>\n<\/tr>\n<\/tbody>\n<\/table>\n<p>* Nouveaut\u00e9 : d\u00e8s cette ann\u00e9e, les cat\u00e9gories CADETTES ET CADETS A et B sont regroup\u00e9es pour la distance des 5km.<br \/>\n* Les coureurs des cat\u00e9gories 9 et 10 peuvent courir le parcours de 10.6km avec les cat\u00e9gories 1 et 2 s\u2019ils le souhaitent.<\/p>\n<h4 style=\"text-align: center;\"><em><strong>D\u00e8s 11h30 profitez de notre buvette avec menus, restauration et produits du terroir !<\/strong><\/em><\/h4>\n<h4>APRES-MIDI<\/h4>\n<table>\n<tbody>\n<tr>\n<td>\n<h5><strong>Cat\u00e9gories<\/strong><\/h5>\n<\/td>\n<td>\n<h5><strong>Ann\u00e9es<\/strong><\/h5>\n<\/td>\n<td>\n<h5><strong>Distances<\/strong><\/h5>\n<\/td>\n<td>\n<h5><strong>D\u00e9part<\/strong><\/h5>\n<\/td>\n<td>\n<h5><strong>Finance<\/strong><\/h5>\n<\/td>\n<\/tr>\n<tr>\n<td>22\u00a0ECOLIERES A<\/td>\n<td>2013 \u00e0 2014<\/td>\n<td><span style=\"color: #000000;\">1&rsquo;750<\/span><span style=\"color: #000000;\">\u00a0m\u00a0\/\u00a0<a title=\"Parcours enfants\" href=\"https:\/\/www.coursedestaleines.ch\/a\/wp-content\/uploads\/2024\/09\/ParcoursEnfants2024.png\" target=\"_blank\" rel=\"noopener noreferrer\">voir le parcours<\/a><\/span><\/td>\n<td>13h45<\/td>\n<td><span style=\"color: #000000;\">5 CHF<\/span><\/td>\n<\/tr>\n<tr>\n<td>23\u00a0ECOLIERS A<\/td>\n<td>2013 \u00e0 2014<\/td>\n<td><span style=\"color: #000000;\">1&rsquo;750<\/span><span style=\"color: #000000;\">\u00a0m\u00a0\/\u00a0<a title=\"Parcours enfants\" href=\"https:\/\/www.coursedestaleines.ch\/a\/wp-content\/uploads\/2024\/09\/ParcoursEnfants2024.png\" target=\"_blank\" rel=\"noopener noreferrer\">voir le parcours<\/a><\/span><\/td>\n<td>13h45<\/td>\n<td>5 CHF<\/td>\n<\/tr>\n<tr>\n<td>20\u00a0ECOLIERES B<\/td>\n<td>2015 \u00e0 2016<\/td>\n<td>1&rsquo;750\u00a0m\u00a0\/\u00a0<a title=\"Parcours enfants\" href=\"https:\/\/www.coursedestaleines.ch\/a\/wp-content\/uploads\/2024\/09\/ParcoursEnfants2024.png\" target=\"_blank\" rel=\"noopener noreferrer\">voir le parcours<\/a><\/td>\n<td>14h00<\/td>\n<td>5 CHF<\/td>\n<\/tr>\n<tr>\n<td>21\u00a0ECOLIERS B<\/td>\n<td>2015 \u00e0 2016<\/td>\n<td>1&rsquo;750\u00a0m\u00a0\/\u00a0<a title=\"Parcours enfants\" href=\"https:\/\/www.coursedestaleines.ch\/a\/wp-content\/uploads\/2024\/09\/ParcoursEnfants2024.png\" target=\"_blank\" rel=\"noopener noreferrer\">voir le parcours<\/a><\/td>\n<td>14h00<\/td>\n<td>5 CHF<\/td>\n<\/tr>\n<tr>\n<td>18 ECOLIERES C<\/td>\n<td>2017 \u00e0 2018<\/td>\n<td>1&rsquo;050 m\u00a0\/\u00a0<a title=\"Parcours enfants\" href=\"https:\/\/www.coursedestaleines.ch\/a\/wp-content\/uploads\/2024\/09\/ParcoursEnfants2024.png\" target=\"_blank\" rel=\"noopener noreferrer\">voir le parcours<\/a><\/td>\n<td>14h15<\/td>\n<td><span style=\"color: #000000;\">5 CHF<\/span><\/td>\n<\/tr>\n<tr>\n<td>19 ECOLIERS C<\/td>\n<td>2017 \u00e0 2018<\/td>\n<td>1&rsquo;050\u00a0m\u00a0\/\u00a0<a title=\"Parcours enfants\" href=\"https:\/\/www.coursedestaleines.ch\/a\/wp-content\/uploads\/2024\/09\/ParcoursEnfants2024.png\" target=\"_blank\" rel=\"noopener noreferrer\">voir le parcours<\/a><\/td>\n<td>14h30<\/td>\n<td>5 CHF<\/td>\n<\/tr>\n<tr>\n<td>16 MINIS FILLES D<\/td>\n<td>2019 \u00e0 2020<\/td>\n<td>850\u00a0m\u00a0\/\u00a0<a title=\"Parcours enfants\" href=\"https:\/\/www.coursedestaleines.ch\/a\/wp-content\/uploads\/2024\/09\/ParcoursEnfants2024.png\" target=\"_blank\" rel=\"noopener noreferrer\">voir le parcours<\/a><\/td>\n<td>14h45<\/td>\n<td><span style=\"color: #000000;\">5 CHF<\/span><\/td>\n<\/tr>\n<tr>\n<td>17 MINIS GAR\u00c7ONS D<\/td>\n<td>2019 \u00e0 2020<\/td>\n<td>850\u00a0m\u00a0\/\u00a0<a title=\"Parcours enfants\" href=\"https:\/\/www.coursedestaleines.ch\/a\/wp-content\/uploads\/2024\/09\/ParcoursEnfants2024.png\" target=\"_blank\" rel=\"noopener noreferrer\">voir le parcours<\/a><\/td>\n<td>15h00<\/td>\n<td><span style=\"color: #000000;\">5 CHF<\/span><\/td>\n<\/tr>\n<tr>\n<td>14 MINIS FILLES E<\/td>\n<td>2021 \u00e0 2024<\/td>\n<td>350\u00a0m\u00a0\/\u00a0<a title=\"Parcours enfants\" href=\"https:\/\/www.coursedestaleines.ch\/a\/wp-content\/uploads\/2024\/09\/ParcoursEnfants2024.png\" target=\"_blank\" rel=\"noopener noreferrer\">voir le parcours<\/a><\/td>\n<td>15h15<\/td>\n<td>5 CHF<\/td>\n<\/tr>\n<tr>\n<td>15 MINIS GAR\u00c7ONS E<\/td>\n<td>2021 \u00e0 2024<\/td>\n<td>350 m\u00a0\/\u00a0<a title=\"Parcours enfants\" href=\"https:\/\/www.coursedestaleines.ch\/a\/wp-content\/uploads\/2024\/09\/ParcoursEnfants2024.png\" target=\"_blank\" rel=\"noopener noreferrer\">voir le parcours<\/a><\/td>\n<td>15h30<\/td>\n<td><span style=\"color: #000000;\">5 CHF<\/span><\/td>\n<\/tr>\n<tr>\n<td>28\u00a0PARENTS &#8211; ENFANTS<\/td>\n<td>Pour tous<\/td>\n<td>350 m\u00a0\/\u00a0<a title=\"Parcours enfants\" href=\"https:\/\/www.coursedestaleines.ch\/a\/wp-content\/uploads\/2024\/09\/ParcoursEnfants2024.png\" target=\"_blank\" rel=\"noopener noreferrer\">voir le parcours<\/a><\/td>\n<td>16h00<\/td>\n<td>10 CHF<\/td>\n<\/tr>\n<\/tbody>\n<\/table>\n<h4 style=\"text-align: center;\"><em><strong>D\u00e8s 16h30, remise des prix avec podium pour les 3 premiers des cat\u00e9gories 14 \u00e0 23<\/strong><\/em><\/h4>\n<h4>Profil des parcours<\/h4>\n<p><a href=\"http:\/\/www.coursedestaleines.ch\/a\/wp-content\/uploads\/2021\/08\/ProfilParcours2021couleur-01.png\"><img loading=\"lazy\" decoding=\"async\" class=\"alignnone wp-image-8769 size-full\" src=\"http:\/\/www.coursedestaleines.ch\/a\/wp-content\/uploads\/2021\/08\/ProfilParcours2021couleur-01-e1629635860675.png\" alt=\"\" width=\"585\" height=\"265\" srcset=\"https:\/\/www.coursedestaleines.ch\/a\/wp-content\/uploads\/2021\/08\/ProfilParcours2021couleur-01-e1629635860675.png 585w, https:\/\/www.coursedestaleines.ch\/a\/wp-content\/uploads\/2021\/08\/ProfilParcours2021couleur-01-e1629635860675-300x136.png 300w, https:\/\/www.coursedestaleines.ch\/a\/wp-content\/uploads\/2021\/08\/ProfilParcours2021couleur-01-e1629635860675-332x150.png 332w\" sizes=\"auto, (max-width: 585px) 100vw, 585px\" \/><\/a><\/p>\n<\/div>\n","protected":false},"excerpt":{"rendered":"<p>Les organisateurs se r\u00e9servent le droit de modifier les parcours et les heures de d\u00e9part, en fonction des conditions m\u00e9t\u00e9orologiques et du nombre de coureurs. Si le tableau ne s&rsquo;affiche pas correctement, vous pouvez le visualiser ici MATIN Cat\u00e9gories Ann\u00e9es Distances\u00a0et parcours D\u00e9part Finance 01 DAMES SENIORS 1987 \u00e0 2012 &#8230;<\/p>\n","protected":false},"author":1,"featured_media":0,"parent":0,"menu_order":0,"comment_status":"closed","ping_status":"closed","template":"","meta":{"footnotes":""},"class_list":["post-1424","page","type-page","status-publish","hentry","column","threecol"],"_links":{"self":[{"href":"https:\/\/www.coursedestaleines.ch\/a\/wp-json\/wp\/v2\/pages\/1424","targetHints":{"allow":["GET"]}}],"collection":[{"href":"https:\/\/www.coursedestaleines.ch\/a\/wp-json\/wp\/v2\/pages"}],"about":[{"href":"https:\/\/www.coursedestaleines.ch\/a\/wp-json\/wp\/v2\/types\/page"}],"author":[{"embeddable":true,"href":"https:\/\/www.coursedestaleines.ch\/a\/wp-json\/wp\/v2\/users\/1"}],"replies":[{"embeddable":true,"href":"https:\/\/www.coursedestaleines.ch\/a\/wp-json\/wp\/v2\/comments?post=1424"}],"version-history":[{"count":92,"href":"https:\/\/www.coursedestaleines.ch\/a\/wp-json\/wp\/v2\/pages\/1424\/revisions"}],"predecessor-version":[{"id":40429,"href":"https:\/\/www.coursedestaleines.ch\/a\/wp-json\/wp\/v2\/pages\/1424\/revisions\/40429"}],"wp:attachment":[{"href":"https:\/\/www.coursedestaleines.ch\/a\/wp-json\/wp\/v2\/media?parent=1424"}],"curies":[{"name":"wp","href":"https:\/\/api.w.org\/{rel}","templated":true}]}}