{"id":1353,"date":"2014-05-09T21:48:55","date_gmt":"2014-05-09T20:48:55","guid":{"rendered":"http:\/\/www.coursedestaleines.ch\/a\/?page_id=1353"},"modified":"2025-06-08T12:45:59","modified_gmt":"2025-06-08T11:45:59","slug":"la-course","status":"publish","type":"page","link":"https:\/\/www.coursedestaleines.ch\/a\/la-course\/","title":{"rendered":"La course"},"content":{"rendered":"<div class=\"zilla-one-half\">\n<h3>Quand ?<\/h3>\n<p>Samedi 27 septembre 2025<\/p>\n<h3>Pour qui<\/h3>\n<p>Ouvert \u00e0 tous, petits et grands, coureurs et marcheurs, voir le <a href=\"https:\/\/www.coursedestaleines.ch\/a\/parcours-et-departs\/\">tableau des cat\u00e9gories<\/a><\/p>\n<h3>Inscriptions<\/h3>\n<p>Jusqu&rsquo;au jeudi 25 septembre, page <a title=\"Inscriptions\" href=\"http:\/\/www.coursedestaleines.ch\/a\/contact\/\">inscriptions<\/a> ou inscription sur place sans suppl\u00e9ment de prix d\u00e8s 8h30 \u00e0 la grande salle de Vulliens. Cl\u00f4ture des inscriptions 30 minutes avant le d\u00e9part de chaque course. AUCUNE EXCEPTION. Suivant le nombre de coureurs, les organisateurs se r\u00e9servent le droit de modifier l\u2019heure de d\u00e9part.<\/p>\n<h3>Divers<\/h3>\n<p>Des samaritains sont pr\u00e9sents au d\u00e9part et \u00e0 l&rsquo;arriv\u00e9e, il n&rsquo;y a pas de douches \u00e0 disposition<\/p>\n<h3>Gains<\/h3>\n<p>Les prix sont remis \u00e0 l&rsquo;arriv\u00e9e, sauf pour les 3 premiers des cat\u00e9gories 14 \u00e0 23, leur remise des prix avec podium \u00e0 lieu d\u00e8s 16h. Tous les participants recevront un prix-souvenir.<\/p>\n<h3>Assurances<\/h3>\n<p>L&rsquo;organisateur d\u00e9cline toute responsabilit\u00e9 en cas d&rsquo;accident, de maladie ou de vol<\/p>\n<h3>Abandon<\/h3>\n<p>En cas d\u2019abandon durant la course, le coureur pr\u00e9viendra directement le b\u00e9n\u00e9vole le plus proche sur le parcours.<\/p>\n<h3>Dopage<\/h3>\n<p>Des contr\u00f4les pourront \u00eatre effectu\u00e9s<\/p>\n<p><\/div><div class=\"zilla-one-half zilla-column-last\"><\/p>\n<h3>O\u00f9<\/h3>\n<p>Vulliens (VD), acc\u00e8s par la route reliant M\u00e9zi\u00e8res (VD) \u00a0\u00e0 Moudon, parking \u00e0 proximit\u00e9, voir le <a title=\"Acc\u00e8s\" href=\"http:\/\/www.coursedestaleines.ch\/a\/acces\/\">plan d&rsquo;acc\u00e8s<\/a><\/p>\n<h3>Vestiaires et douches<\/h3>\n<p>Vestiaires dans la grande salle et aucune douche \u00e0 disposition.<\/p>\n<h3>Finance et dossards<\/h3>\n<p>Paiement (esp\u00e8ces ou Twint) et retrait des dossards uniquement sur place le jour de la course<\/p>\n<h3>Ravitaillement<\/h3>\n<p>Le matin, un poste d&rsquo;eau est pr\u00e9vu \u00e0 mi-parcours. Une collation est offerte \u00e0 tous les participants \u00e0 l&rsquo;arriv\u00e9e contre restitution du dossard<\/p>\n<h3>Parcours et d\u00e9parts<\/h3>\n<p>Consulter la page <a title=\"Parcours et d\u00e9parts\" href=\"http:\/\/www.coursedestaleines.ch\/a\/parcours-et-departs\/\">Parcours et d\u00e9parts<\/a><\/p>\n<h3>Restrictions<\/h3>\n<p>Aucune aide ext\u00e9rieure ne sera tol\u00e9r\u00e9e; les suiveurs ne sont pas autoris\u00e9s. En cas d&rsquo;infraction, les organisateurs se r\u00e9servent le droit de disqualifier un concurrent<\/p>\n<h3>Sant\u00e9<\/h3>\n<p>En s\u2019inscrivant, chaque coureur atteste qu\u2019il est en bonne sant\u00e9, en bonne condition physique et qu\u2019il est apte \u00e0 faire du sport et \u00e0 g\u00e9rer son effort sur la distance \u00e0 laquelle il est inscrit.<\/p>\n<h3>Mesures sanitaires<\/h3>\n<p>Chaque coureur respecte attentivement les mesures sanitaires mises en place par les organisateurs.<\/p>\n<p><\/div><div class=\"clear\"><\/div><\/p>\n","protected":false},"excerpt":{"rendered":"","protected":false},"author":1,"featured_media":0,"parent":0,"menu_order":0,"comment_status":"closed","ping_status":"closed","template":"template-content-sidebar.php","meta":{"footnotes":""},"class_list":["post-1353","page","type-page","status-publish","hentry","column","threecol"],"_links":{"self":[{"href":"https:\/\/www.coursedestaleines.ch\/a\/wp-json\/wp\/v2\/pages\/1353","targetHints":{"allow":["GET"]}}],"collection":[{"href":"https:\/\/www.coursedestaleines.ch\/a\/wp-json\/wp\/v2\/pages"}],"about":[{"href":"https:\/\/www.coursedestaleines.ch\/a\/wp-json\/wp\/v2\/types\/page"}],"author":[{"embeddable":true,"href":"https:\/\/www.coursedestaleines.ch\/a\/wp-json\/wp\/v2\/users\/1"}],"replies":[{"embeddable":true,"href":"https:\/\/www.coursedestaleines.ch\/a\/wp-json\/wp\/v2\/comments?post=1353"}],"version-history":[{"count":67,"href":"https:\/\/www.coursedestaleines.ch\/a\/wp-json\/wp\/v2\/pages\/1353\/revisions"}],"predecessor-version":[{"id":39092,"href":"https:\/\/www.coursedestaleines.ch\/a\/wp-json\/wp\/v2\/pages\/1353\/revisions\/39092"}],"wp:attachment":[{"href":"https:\/\/www.coursedestaleines.ch\/a\/wp-json\/wp\/v2\/media?parent=1353"}],"curies":[{"name":"wp","href":"https:\/\/api.w.org\/{rel}","templated":true}]}}